{"id":269,"date":"2021-12-21T15:20:46","date_gmt":"2021-12-21T14:20:46","guid":{"rendered":"http:\/\/uccle-centre-art.org\/www2\/?page_id=269"},"modified":"2025-01-26T22:50:12","modified_gmt":"2025-01-26T21:50:12","slug":"nathalie-rolin","status":"publish","type":"page","link":"http:\/\/uccle-centre-art.org\/www2\/nathalie-rolin\/","title":{"rendered":"NATALIE ROLIN"},"content":{"rendered":"\n<div class=\"wp-block-columns is-layout-flex wp-container-core-columns-is-layout-9d6595d7 wp-block-columns-is-layout-flex\">\n<div class=\"wp-block-column is-layout-flow wp-block-column-is-layout-flow\">\n<figure class=\"wp-block-gallery has-nested-images columns-1 is-cropped wp-block-gallery-1 is-layout-flex wp-block-gallery-is-layout-flex\">\n<figure class=\"wp-block-image size-large\"><img loading=\"lazy\" decoding=\"async\" width=\"320\" height=\"320\" data-id=\"273\" src=\"http:\/\/uccle-centre-art.org\/www2\/wp-content\/uploads\/2021\/12\/gfhcvortrjpnheaqgvauhuqjjyeqanwz_mosa_3.jpeg\" alt=\"\" class=\"wp-image-273\" srcset=\"http:\/\/uccle-centre-art.org\/www2\/wp-content\/uploads\/2021\/12\/gfhcvortrjpnheaqgvauhuqjjyeqanwz_mosa_3.jpeg 320w, http:\/\/uccle-centre-art.org\/www2\/wp-content\/uploads\/2021\/12\/gfhcvortrjpnheaqgvauhuqjjyeqanwz_mosa_3-300x300.jpeg 300w, http:\/\/uccle-centre-art.org\/www2\/wp-content\/uploads\/2021\/12\/gfhcvortrjpnheaqgvauhuqjjyeqanwz_mosa_3-150x150.jpeg 150w\" sizes=\"auto, (max-width: 320px) 100vw, 320px\" \/><\/figure>\n\n\n\n<figure class=\"wp-block-image size-large\"><img loading=\"lazy\" decoding=\"async\" width=\"317\" height=\"317\" data-id=\"272\" src=\"http:\/\/uccle-centre-art.org\/www2\/wp-content\/uploads\/2021\/12\/gfhcvortrjpnheaqgvauhuqjjyeqanwz_mosa_2.jpeg\" alt=\"\" class=\"wp-image-272\" srcset=\"http:\/\/uccle-centre-art.org\/www2\/wp-content\/uploads\/2021\/12\/gfhcvortrjpnheaqgvauhuqjjyeqanwz_mosa_2.jpeg 317w, http:\/\/uccle-centre-art.org\/www2\/wp-content\/uploads\/2021\/12\/gfhcvortrjpnheaqgvauhuqjjyeqanwz_mosa_2-300x300.jpeg 300w, http:\/\/uccle-centre-art.org\/www2\/wp-content\/uploads\/2021\/12\/gfhcvortrjpnheaqgvauhuqjjyeqanwz_mosa_2-150x150.jpeg 150w\" sizes=\"auto, (max-width: 317px) 100vw, 317px\" \/><\/figure>\n\n\n\n<figure class=\"wp-block-image size-large\"><img loading=\"lazy\" decoding=\"async\" width=\"320\" height=\"320\" data-id=\"271\" src=\"http:\/\/uccle-centre-art.org\/www2\/wp-content\/uploads\/2021\/12\/gfhcvortrjpnheaqgvauhuqjjyeqanwz_mosa_1.jpeg\" alt=\"\" class=\"wp-image-271\" srcset=\"http:\/\/uccle-centre-art.org\/www2\/wp-content\/uploads\/2021\/12\/gfhcvortrjpnheaqgvauhuqjjyeqanwz_mosa_1.jpeg 320w, http:\/\/uccle-centre-art.org\/www2\/wp-content\/uploads\/2021\/12\/gfhcvortrjpnheaqgvauhuqjjyeqanwz_mosa_1-300x300.jpeg 300w, http:\/\/uccle-centre-art.org\/www2\/wp-content\/uploads\/2021\/12\/gfhcvortrjpnheaqgvauhuqjjyeqanwz_mosa_1-150x150.jpeg 150w\" sizes=\"auto, (max-width: 320px) 100vw, 320px\" \/><\/figure>\n\n\n\n<figure class=\"wp-block-image size-large\"><img loading=\"lazy\" decoding=\"async\" width=\"320\" height=\"320\" data-id=\"270\" src=\"http:\/\/uccle-centre-art.org\/www2\/wp-content\/uploads\/2021\/12\/gfhcvortrjpnheaqgvauhuqjjyeqanwz_mosa_0.jpeg\" alt=\"\" class=\"wp-image-270\" srcset=\"http:\/\/uccle-centre-art.org\/www2\/wp-content\/uploads\/2021\/12\/gfhcvortrjpnheaqgvauhuqjjyeqanwz_mosa_0.jpeg 320w, http:\/\/uccle-centre-art.org\/www2\/wp-content\/uploads\/2021\/12\/gfhcvortrjpnheaqgvauhuqjjyeqanwz_mosa_0-300x300.jpeg 300w, http:\/\/uccle-centre-art.org\/www2\/wp-content\/uploads\/2021\/12\/gfhcvortrjpnheaqgvauhuqjjyeqanwz_mosa_0-150x150.jpeg 150w\" sizes=\"auto, (max-width: 320px) 100vw, 320px\" \/><\/figure>\n<\/figure>\n<\/div>\n\n\n\n<div class=\"wp-block-column is-layout-flow wp-block-column-is-layout-flow\">\n<p><strong>NATALIE ROLIN<\/strong><\/p>\n\n\n\n<p><a href=\"tel:+32 477 46 97 99\">+32 477 46 97 99<\/a> | <a href=\"mailto:rolin.nat@gmail.com\">rolin.nat@gmail.com<\/a><\/p>\n\n\n\n<p>Ma d\u00e9marche&nbsp;<\/p>\n\n\n\n<p>Je me nourris&nbsp;&nbsp;<\/p>\n\n\n\n<p>d\u2019une multitude de perceptions : images, sons, paroles, textes\u2026. et s\u2019op\u00e8re ensuite un tri un peu comme le zoom d\u2019un photographe.&nbsp;<br>Il y a d\u2019une part la pr\u00e9pond\u00e9rance de l\u2019humain et d\u2019autre part la mati\u00e8re (pastel sec, fusain, encre) et la variation du trait (souple, dur, hach\u00e9, velout\u00e9, d\u00e9chir\u00e9\u2026)&nbsp;<br>S\u2019op\u00e8re alors une fusion entre l\u2019int\u00e9riorit\u00e9 de la personne (ce qu\u2019il y a derri\u00e8re le miroir) et la mati\u00e8re.<br>Je deviens l\u2019acteur et le spectateur de mon \u0153uvre et c\u2019est le dessin qui me guide car je lui reconnais une existence propre\u2026..Il est comme la peau du personnage int\u00e9rieur ; il est de l\u2019ordre du tactile, du touch\u00e9\u2026..&nbsp;<br>L\u2019\u0153uvre une fois achev\u00e9e n\u2019est pas enferm\u00e9e par ma vision mais elle revit gr\u00e2ce aux propres perceptions des spectateurs. Je n\u2019impose donc rien. Je cr\u00e9e un langage qui m\u2019est propre.&nbsp;<\/p>\n\n\n\n<p>Et ont nourri ma r\u00e9flexion :&nbsp;<\/p>\n\n\n\n<p>\u00ab \u2026\u2026le peintre est un passant qui porte la m\u00e9moire de son propre passage\u2026. \u00bb colette debl\u00e9&nbsp;<\/p>\n\n\n\n<p><p align=\"justify\">\u00ab \u2026.les yeux, la bouche, le nez, les oreilles et les mains participent \u00e0 la concr\u00e9tisation des r\u00e9flexions. L\u2019artiste s \u2018en sert mais travaille sans privil\u00e8ge ni protection. Il est un funambule qui s\u2019agite au-dessus des ruines fumantes et qui mod\u00e8le ses id\u00e9es dans ces illusions. C\u2019est comme s\u2019il reprenait conscience apr\u00e8s une violente \u00e9motion pour se remettre au travail et entrer dans celui des autres. Tout proc\u00e8de presque de son instinct, de ses d\u00e9sirs, de ses fantasmes. C\u2019est une immersion int\u00e9grale pour saisir ce qui se passe en soi et dehors\u2026\u2026\u2026\u2026.&nbsp;<br>Tout converge vers l\u2019essentiel avec les m\u00e9thodes les plus simples. Les artifices s\u2019effondrent autour de la complexit\u00e9 et la profondeur de l\u2019exp\u00e9rience humaine qui est fond\u00e9e sur l\u2019unique principe critique, celui qui se confond avec elle : le changement, l\u2019\u00e9volution et son histoire. \u00bb&nbsp;<br>jean-pierre van tieghem \u2013 Y a t\u2019il encore une avant-garde ! Editions Tandem 2003&nbsp;<\/p><\/p>\n\n\n\n<hr class=\"wp-block-separator has-css-opacity is-style-dots\"\/>\n<\/div>\n<\/div>\n","protected":false},"excerpt":{"rendered":"<p>NATALIE ROLIN +32 477 46 97 99 | rolin.nat@gmail.com Ma d\u00e9marche&nbsp; Je me nourris&nbsp;&nbsp; d\u2019une multitude de perceptions : images, sons, paroles, textes\u2026. et s\u2019op\u00e8re ensuite un tri un peu comme le zoom d\u2019un photographe.&nbsp;Il y a d\u2019une part la pr\u00e9pond\u00e9rance de l\u2019humain et d\u2019autre part la mati\u00e8re (pastel sec, fusain, encre) et la variation&hellip;&nbsp;<a href=\"http:\/\/uccle-centre-art.org\/www2\/nathalie-rolin\/\" class=\"\" rel=\"bookmark\">Lire la suite &raquo;<span class=\"screen-reader-text\">NATALIE ROLIN<\/span><\/a><\/p>\n","protected":false},"author":1,"featured_media":0,"parent":0,"menu_order":0,"comment_status":"closed","ping_status":"closed","template":"","meta":{"neve_meta_sidebar":"","neve_meta_container":"","neve_meta_enable_content_width":"","neve_meta_content_width":0,"neve_meta_title_alignment":"","neve_meta_author_avatar":"","neve_post_elements_order":"","neve_meta_disable_header":"","neve_meta_disable_footer":"","neve_meta_disable_title":"on","footnotes":""},"class_list":["post-269","page","type-page","status-publish","hentry"],"_links":{"self":[{"href":"http:\/\/uccle-centre-art.org\/www2\/wp-json\/wp\/v2\/pages\/269","targetHints":{"allow":["GET"]}}],"collection":[{"href":"http:\/\/uccle-centre-art.org\/www2\/wp-json\/wp\/v2\/pages"}],"about":[{"href":"http:\/\/uccle-centre-art.org\/www2\/wp-json\/wp\/v2\/types\/page"}],"author":[{"embeddable":true,"href":"http:\/\/uccle-centre-art.org\/www2\/wp-json\/wp\/v2\/users\/1"}],"replies":[{"embeddable":true,"href":"http:\/\/uccle-centre-art.org\/www2\/wp-json\/wp\/v2\/comments?post=269"}],"version-history":[{"count":8,"href":"http:\/\/uccle-centre-art.org\/www2\/wp-json\/wp\/v2\/pages\/269\/revisions"}],"predecessor-version":[{"id":2040,"href":"http:\/\/uccle-centre-art.org\/www2\/wp-json\/wp\/v2\/pages\/269\/revisions\/2040"}],"wp:attachment":[{"href":"http:\/\/uccle-centre-art.org\/www2\/wp-json\/wp\/v2\/media?parent=269"}],"curies":[{"name":"wp","href":"https:\/\/api.w.org\/{rel}","templated":true}]}}